{"id":8727,"date":"2023-12-13T09:00:40","date_gmt":"2023-12-13T11:00:40","guid":{"rendered":"https:\/\/alvarelloseditora.gal\/book\/desde-san-paio-de-antealtares\/"},"modified":"2024-03-04T09:22:35","modified_gmt":"2024-03-04T08:22:35","slug":"desde-san-paio-de-antealtares","status":"publish","type":"product","link":"https:\/\/alvarelloseditora.gal\/es\/libro\/desde-san-paio-de-antealtares\/","title":{"rendered":"Desde San Paio de Antealtares. Historia, patrimonio e vida mon\u00e1stica"},"content":{"rendered":"<p>Nota de Prensa y ficha t\u00e9cnica<\/p>\n<p><a href=\"https:\/\/alvarelloseditora.gal\/wp-content\/uploads\/2023\/12\/NP_C_Desde_San_Paio_2023-1.pdf\">NP_C_Desde_San_Paio_2023<\/a><\/p>\n","protected":false},"excerpt":{"rendered":"<p>Miguel Garc\u00eda-Fern\u00e1ndez<br \/>\nRicardo Pichel<br \/>\n(eds.)<br \/>\n&nbsp;<\/p>\n<p>450 pp . 15,5 x 23,5 cms<br \/>\nISBN: 978-84-18567-46-9<br \/>\nImpreso en papel FSC Amigo de los Bosques<br \/>\nObra colectiva. Textos en galego y castellano.<\/p>\n<p>&nbsp;<br \/>\nUn homenaje desde y para San Paio de Antealtares, el monasterio que naci\u00f3 con la ciudad de Santiago de Compostela<br \/>\n&nbsp;<\/p>\n<p>En una edici\u00f3n al cuidado de los investigadores Miguel Garc\u00eda-Fern\u00e1ndez \u2013del Instituto de Estudos Galegos Padre Sarmiento (CSIC-Xunta de Galicia)\u2013 y Ricardo Pichel, de la Universidad de Alcal\u00e1, esta obra colectiva coeditada por el Consorcio de Santiago y Alvarellos Editora re\u00fane los trabajos de doce investigadores e investigadoras alrededor del monasterio de San Paio de Antealtares, situado detr\u00e1s de la propia catedral compostelana, as\u00ed como de varios de sus prioratos y otras comunidades mon\u00e1sticas relacionadas con Antealtares. El volumen surge como un homenaje a Mar\u00eda Mercedes Buj\u00e1n Rodr\u00edguez, archivera de San Paio recientemente fallecida, y a la propia Comunidad benedictina compostelana.<\/p>\n<p>&nbsp;<\/p>\n<p>Fundado en el siglo IX, en la misma \u00e9poca que la propia ciudad de Santiago, es un aut\u00e9ntico \u00abarchivo de archivos\u00bb. De \u00e9l proceden las c\u00e9lebres columnas que sostendr\u00edan el primer sepulcro del ap\u00f3stol Santiago. A partir del siglo XV, Antealtares se convertir\u00e1 en uno de los cenobios femeninos m\u00e1s influyentes de Galicia y de toda Espa\u00f1a. Actualmente est\u00e1 ocupado por 25 monjas benedictinas.<\/p>\n<p>&nbsp;<\/p>\n<p>Desde San Paio de Antealtares. Historia, patrimonio e vida mon\u00e1stica es un nuevo ensayo colectivo, coeditado por el Consorcio de Santiago y Alvarellos Editora, y al cuidado de los investigadores Miguel Garc\u00eda-Fern\u00e1ndez, del Instituto de Estudos Galegos Padre Sarmiento (CSIC-Xunta de Galicia) y Ricardo Pichel, de la Universidad de Alcal\u00e1, ambos miembros colaboradores del Instituto da Lingua Galega da Universidade de Santiago de Compostela. Re\u00fane los trabajos sobre historia, patrimonio y vida mon\u00e1stica de una docena de investigadores alrededor del monasterio de San Paio de Antealtares, hist\u00f3rico centro religioso que, fundado en el siglo IX, naci\u00f3 en la misma \u00e9poca que la propia ciudad de Santiago de Compostela. As\u00ed mismo, otros trabajos se centran en la historia y documentaci\u00f3n de algunos de los prioratos de Antealtares, que fueron monasterios medievales femeninos, como San Salvador de Sobrado de Trives, o sobre otras comunidades y pr\u00e1cticas religiosas y espirituales de la Edad Media y la Edad Moderna.<\/p>\n<p>&nbsp;<\/p>\n<p>HOMENAJE A SOR MERCEDES<\/p>\n<p>Esta obra surge como un homenaje colectivo de los editores y autores a la propia Comunidad de San Paio de Antealtares y, principalmente, a quien fue su archivera durante muchos a\u00f1os, sor Mercedes, responsable, en buena medida, de la catalogaci\u00f3n, conservaci\u00f3n y apertura a la comunidad investigadora del archivo mon\u00e1stico de Antealtares.<\/p>\n<p>&nbsp;<\/p>\n<p>A lo largo de estas p\u00e1ginas se reconstruye la historia del monasterio desde su etapa medieval como comunidad masculina hasta su refundaci\u00f3n como monasterio benedictino femenino en 1499. Aqu\u00ed comenzar\u00e1 su etapa de esplendor, pues llegar\u00e1 a convertirse en uno de los monasterios femeninos m\u00e1s poderosos de Galicia y en uno de los m\u00e1s importantes y ricos de Espa\u00f1a.<\/p>\n<p>&nbsp;<\/p>\n<p>La obra ofrece tambi\u00e9n otras aportaciones sobre su patrimonio art\u00edstico, la complejidad del monaquismo femenino en la Galicia medieval o la religiosidad popular impulsada por benedictinos y bernardos.<\/p>\n<p>&nbsp;<\/p>\n<p>Entre otros temas, se destaca, adem\u00e1s, la riqueza del patrimonio documental conservado en Antealtares, as\u00ed como tambi\u00e9n lo enajenado de este aut\u00e9ntico \u00abarchivo de archivos\u00bb pero igualmente fundamental para reconstruir la historia de instituciones gallegas como San Salvador de Sobrado de Trives o asturianas como San Salvador de Corniana.<\/p>\n<p>&nbsp;<\/p>\n<p>LAS COLUMNAS DE ANTEALTARES<\/p>\n<p>Uno de los cap\u00edtulos se centra en el estudio \u2014m\u00e1s la reconstrucci\u00f3n en 3D\u2014 de las c\u00e9lebres cuatro columnas de Antealtares, que ilustran la propia portada del libro y que sostendr\u00edan originalmente el arca funeraria del ap\u00f3stol Santiago. Dos de estas esculturas p\u00e9treas est\u00e1n hoy en Madrid, en el Museo Arqueol\u00f3gico Nacional, otra en el Fogg Museum de la Universidad de Harvard, en Boston, y la cuarta, perdida ya desde el siglo XIX.<br \/>\nEn la actualidad, el monasterio de Antealtares, situado detr\u00e1s de la propia catedral de Santiago cerrando por el este la plaza de la Quintana, est\u00e1 ocupado por una comunidad de 25 monjas benedictinas, y destaca no solo por la continuidad en la vida mon\u00e1stica de sus religiosas, sino tambi\u00e9n por su Museo de Arte Sacro y su Archivo, uno de los principales para el estudio del monacato femenino en la Galicia medieval.<\/p>\n<p>&nbsp;<\/p>\n<p>AUTOR\u00cdA (por orden de aparici\u00f3n)<\/p>\n<p>Miguel Garc\u00eda-Fern\u00e1ndez<br \/>\nRicardo Pichel<br \/>\nAlmudena Vilari\u00f1o Peri\u00e1\u00f1ez<br \/>\nFrancisco Javier P\u00e9rez Rodr\u00edguez<br \/>\nConcepci\u00f3n Burgo L\u00f3pez<br \/>\nMiguel \u00c1ngel Gonz\u00e1lez Garc\u00eda<br \/>\nRodrigo Pousa Di\u00e9guez<br \/>\nV\u00edctor Rodr\u00edguez Mu\u00f1iz<br \/>\nCarlos J. Galb\u00e1n Malag\u00f3n<br \/>\nDomingo L. Gonz\u00e1lez Lopo<br \/>\n\u00c1ngela Franco Mata<br \/>\nClara Elena Prieto Entrialgo<br \/>\nAlfonso Garc\u00eda Leal<br \/>\nEnriqueta L\u00f3pez Mor\u00e1n<\/p>\n<p>&nbsp;<\/p>\n<p>DOCUMENTOS ADJUNTOS<\/p>\n<p>Versi\u00f3n corregida del cap\u00edtulo de \u00c1ngela Franco Mata que ser\u00e1 incorporada en las pr\u00f3ximas ediciones de la obra<\/p>\n<p>&nbsp;<\/p>\n<p>Aclaraci\u00f3n dos editores Miguel Garc\u00eda-Fern\u00e1ndez y Ricardo Pichel<\/p>\n<p>&nbsp;<\/p>\n","protected":false},"featured_media":8719,"comment_status":"closed","ping_status":"closed","template":"","meta":[],"product_brand":[],"product_cat":[105],"product_tag":[1045],"class_list":{"0":"post-8727","1":"product","2":"type-product","3":"status-publish","4":"has-post-thumbnail","6":"product_cat-oeste-es","7":"product_tag-santiago-de-compostela-y-el-camino","9":"first","10":"instock","11":"taxable","12":"shipping-taxable","13":"purchasable","14":"product-type-simple"},"yoast_head":"<!-- This site is optimized with the Yoast SEO plugin v27.5 - https:\/\/yoast.com\/product\/yoast-seo-wordpress\/ -->\n<title>Desde San Paio de Antealtares. Historia, patrimonio e vida mon\u00e1stica - Alvarellos Editora<\/title>\n<meta name=\"description\" content=\"Desde San Paio de Antealtares. Historia, patrimonio e vida mon\u00e1stica. C\u00f3mprao na tenda en li\u00f1a de Alvarellos Editora.\" \/>\n<meta name=\"robots\" content=\"index, follow, max-snippet:-1, max-image-preview:large, max-video-preview:-1\" \/>\n<link rel=\"canonical\" href=\"https:\/\/alvarelloseditora.gal\/es\/libro\/desde-san-paio-de-antealtares\/\" \/>\n<meta property=\"og:locale\" content=\"es_ES\" \/>\n<meta property=\"og:type\" content=\"article\" \/>\n<meta property=\"og:title\" content=\"Desde San Paio de Antealtares. Historia, patrimonio e vida mon\u00e1stica - Alvarellos Editora\" \/>\n<meta property=\"og:description\" content=\"Desde San Paio de Antealtares. Historia, patrimonio e vida mon\u00e1stica. C\u00f3mprao na tenda en li\u00f1a de Alvarellos Editora.\" \/>\n<meta property=\"og:url\" content=\"https:\/\/alvarelloseditora.gal\/es\/libro\/desde-san-paio-de-antealtares\/\" \/>\n<meta property=\"og:site_name\" content=\"Alvarellos Editora\" \/>\n<meta property=\"article:publisher\" content=\"https:\/\/www.facebook.com\/alvarelloseditora\" \/>\n<meta property=\"article:modified_time\" content=\"2024-03-04T08:22:35+00:00\" \/>\n<meta property=\"og:image\" content=\"https:\/\/alvarelloseditora.gal\/wp-content\/uploads\/2023\/12\/Desde-San-Paio-De-Antealtares.jpg\" \/>\n\t<meta property=\"og:image:width\" content=\"980\" \/>\n\t<meta property=\"og:image:height\" content=\"1488\" \/>\n\t<meta property=\"og:image:type\" content=\"image\/jpeg\" \/>\n<meta name=\"twitter:card\" content=\"summary_large_image\" \/>\n<meta name=\"twitter:site\" content=\"@alvarellos_ed\" \/>\n<meta name=\"twitter:label1\" content=\"Tiempo de lectura\" \/>\n\t<meta name=\"twitter:data1\" content=\"1 minuto\" \/>\n<!-- \/ Yoast SEO plugin. -->","yoast_head_json":{"title":"Desde San Paio de Antealtares. Historia, patrimonio e vida mon\u00e1stica - Alvarellos Editora","description":"Desde San Paio de Antealtares. Historia, patrimonio e vida mon\u00e1stica. C\u00f3mprao na tenda en li\u00f1a de Alvarellos Editora.","robots":{"index":"index","follow":"follow","max-snippet":"max-snippet:-1","max-image-preview":"max-image-preview:large","max-video-preview":"max-video-preview:-1"},"canonical":"https:\/\/alvarelloseditora.gal\/es\/libro\/desde-san-paio-de-antealtares\/","og_locale":"es_ES","og_type":"article","og_title":"Desde San Paio de Antealtares. Historia, patrimonio e vida mon\u00e1stica - Alvarellos Editora","og_description":"Desde San Paio de Antealtares. Historia, patrimonio e vida mon\u00e1stica. C\u00f3mprao na tenda en li\u00f1a de Alvarellos Editora.","og_url":"https:\/\/alvarelloseditora.gal\/es\/libro\/desde-san-paio-de-antealtares\/","og_site_name":"Alvarellos Editora","article_publisher":"https:\/\/www.facebook.com\/alvarelloseditora","article_modified_time":"2024-03-04T08:22:35+00:00","og_image":[{"width":980,"height":1488,"url":"https:\/\/alvarelloseditora.gal\/wp-content\/uploads\/2023\/12\/Desde-San-Paio-De-Antealtares.jpg","type":"image\/jpeg"}],"twitter_card":"summary_large_image","twitter_site":"@alvarellos_ed","twitter_misc":{"Tiempo de lectura":"1 minuto"},"schema":{"@context":"https:\/\/schema.org","@graph":[{"@type":["WebPage","ItemPage"],"@id":"https:\/\/alvarelloseditora.gal\/es\/libro\/desde-san-paio-de-antealtares\/","url":"https:\/\/alvarelloseditora.gal\/es\/libro\/desde-san-paio-de-antealtares\/","name":"Desde San Paio de Antealtares. Historia, patrimonio e vida mon\u00e1stica - Alvarellos Editora","isPartOf":{"@id":"https:\/\/alvarelloseditora.gal\/#website"},"primaryImageOfPage":{"@id":"https:\/\/alvarelloseditora.gal\/es\/libro\/desde-san-paio-de-antealtares\/#primaryimage"},"image":{"@id":"https:\/\/alvarelloseditora.gal\/es\/libro\/desde-san-paio-de-antealtares\/#primaryimage"},"thumbnailUrl":"https:\/\/alvarelloseditora.gal\/wp-content\/uploads\/2023\/12\/Desde-San-Paio-De-Antealtares.jpg","datePublished":"2023-12-13T11:00:40+00:00","dateModified":"2024-03-04T08:22:35+00:00","description":"Desde San Paio de Antealtares. Historia, patrimonio e vida mon\u00e1stica. C\u00f3mprao na tenda en li\u00f1a de Alvarellos Editora.","breadcrumb":{"@id":"https:\/\/alvarelloseditora.gal\/es\/libro\/desde-san-paio-de-antealtares\/#breadcrumb"},"inLanguage":"es","potentialAction":[{"@type":"ReadAction","target":["https:\/\/alvarelloseditora.gal\/es\/libro\/desde-san-paio-de-antealtares\/"]}]},{"@type":"ImageObject","inLanguage":"es","@id":"https:\/\/alvarelloseditora.gal\/es\/libro\/desde-san-paio-de-antealtares\/#primaryimage","url":"https:\/\/alvarelloseditora.gal\/wp-content\/uploads\/2023\/12\/Desde-San-Paio-De-Antealtares.jpg","contentUrl":"https:\/\/alvarelloseditora.gal\/wp-content\/uploads\/2023\/12\/Desde-San-Paio-De-Antealtares.jpg","width":980,"height":1488},{"@type":"BreadcrumbList","@id":"https:\/\/alvarelloseditora.gal\/es\/libro\/desde-san-paio-de-antealtares\/#breadcrumb","itemListElement":[{"@type":"ListItem","position":1,"name":"Portada","item":"https:\/\/alvarelloseditora.gal\/"},{"@type":"ListItem","position":2,"name":"Tienda","item":"https:\/\/alvarelloseditora.gal\/es\/tienda\/"},{"@type":"ListItem","position":3,"name":"Desde San Paio de Antealtares. Historia, patrimonio e vida mon\u00e1stica"}]},{"@type":"WebSite","@id":"https:\/\/alvarelloseditora.gal\/#website","url":"https:\/\/alvarelloseditora.gal\/","name":"Alvarellos Editora","description":"Libros para un mundo en tr\u00e1nsito","publisher":{"@id":"https:\/\/alvarelloseditora.gal\/#organization"},"potentialAction":[{"@type":"SearchAction","target":{"@type":"EntryPoint","urlTemplate":"https:\/\/alvarelloseditora.gal\/?s={search_term_string}"},"query-input":{"@type":"PropertyValueSpecification","valueRequired":true,"valueName":"search_term_string"}}],"inLanguage":"es"},{"@type":"Organization","@id":"https:\/\/alvarelloseditora.gal\/#organization","name":"Alvarellos Editora","url":"https:\/\/alvarelloseditora.gal\/","logo":{"@type":"ImageObject","inLanguage":"es","@id":"https:\/\/alvarelloseditora.gal\/#\/schema\/logo\/image\/","url":"https:\/\/alvarelloseditora.gal\/wp-content\/uploads\/2020\/02\/alv-icon.png","contentUrl":"https:\/\/alvarelloseditora.gal\/wp-content\/uploads\/2020\/02\/alv-icon.png","width":177,"height":175,"caption":"Alvarellos Editora"},"image":{"@id":"https:\/\/alvarelloseditora.gal\/#\/schema\/logo\/image\/"},"sameAs":["https:\/\/www.facebook.com\/alvarelloseditora","https:\/\/x.com\/alvarellos_ed"]}]}},"_links":{"self":[{"href":"https:\/\/alvarelloseditora.gal\/es\/wp-json\/wp\/v2\/product\/8727","targetHints":{"allow":["GET"]}}],"collection":[{"href":"https:\/\/alvarelloseditora.gal\/es\/wp-json\/wp\/v2\/product"}],"about":[{"href":"https:\/\/alvarelloseditora.gal\/es\/wp-json\/wp\/v2\/types\/product"}],"replies":[{"embeddable":true,"href":"https:\/\/alvarelloseditora.gal\/es\/wp-json\/wp\/v2\/comments?post=8727"}],"wp:featuredmedia":[{"embeddable":true,"href":"https:\/\/alvarelloseditora.gal\/es\/wp-json\/wp\/v2\/media\/8719"}],"wp:attachment":[{"href":"https:\/\/alvarelloseditora.gal\/es\/wp-json\/wp\/v2\/media?parent=8727"}],"wp:term":[{"taxonomy":"product_brand","embeddable":true,"href":"https:\/\/alvarelloseditora.gal\/es\/wp-json\/wp\/v2\/product_brand?post=8727"},{"taxonomy":"product_cat","embeddable":true,"href":"https:\/\/alvarelloseditora.gal\/es\/wp-json\/wp\/v2\/product_cat?post=8727"},{"taxonomy":"product_tag","embeddable":true,"href":"https:\/\/alvarelloseditora.gal\/es\/wp-json\/wp\/v2\/product_tag?post=8727"}],"curies":[{"name":"wp","href":"https:\/\/api.w.org\/{rel}","templated":true}]}}