{"id":10688,"date":"2026-04-29T14:42:14","date_gmt":"2026-04-29T12:42:14","guid":{"rendered":"https:\/\/alvarelloseditora.gal\/book\/con-polvora-e-magnolias-ed-facsimilar-50-aniversario\/"},"modified":"2026-04-29T14:47:17","modified_gmt":"2026-04-29T12:47:17","slug":"con-polvora-e-magnolias-ed-facsimilar-50-aniversario","status":"publish","type":"product","link":"https:\/\/alvarelloseditora.gal\/es\/libro\/con-polvora-e-magnolias-ed-facsimilar-50-aniversario\/","title":{"rendered":"Con p\u00f3lvora e magnolias [Ed. facsimilar 50 aniversario]"},"content":{"rendered":"<p><a href=\"https:\/\/alvarelloseditora.gal\/wp-content\/uploads\/2026\/04\/NP_GAL_Con-polvora_e_magnolias_abril_2026.pdf\"><img loading=\"lazy\" decoding=\"async\" class=\"alignnone size-medium wp-image-10689\" src=\"https:\/\/alvarelloseditora.gal\/wp-content\/uploads\/2026\/04\/Con-polvora-e-magnolias-facsimilar-alvarellos-ed-2026-2-900x675.jpeg\" alt=\"\" width=\"900\" height=\"675\" srcset=\"https:\/\/alvarelloseditora.gal\/wp-content\/uploads\/2026\/04\/Con-polvora-e-magnolias-facsimilar-alvarellos-ed-2026-2-900x675.jpeg 900w, https:\/\/alvarelloseditora.gal\/wp-content\/uploads\/2026\/04\/Con-polvora-e-magnolias-facsimilar-alvarellos-ed-2026-2-160x120.jpeg 160w, https:\/\/alvarelloseditora.gal\/wp-content\/uploads\/2026\/04\/Con-polvora-e-magnolias-facsimilar-alvarellos-ed-2026-2-768x576.jpeg 768w, https:\/\/alvarelloseditora.gal\/wp-content\/uploads\/2026\/04\/Con-polvora-e-magnolias-facsimilar-alvarellos-ed-2026-2-1536x1152.jpeg 1536w, https:\/\/alvarelloseditora.gal\/wp-content\/uploads\/2026\/04\/Con-polvora-e-magnolias-facsimilar-alvarellos-ed-2026-2-330x248.jpeg 330w, https:\/\/alvarelloseditora.gal\/wp-content\/uploads\/2026\/04\/Con-polvora-e-magnolias-facsimilar-alvarellos-ed-2026-2-600x450.jpeg 600w, https:\/\/alvarelloseditora.gal\/wp-content\/uploads\/2026\/04\/Con-polvora-e-magnolias-facsimilar-alvarellos-ed-2026-2.jpeg 2000w\" sizes=\"auto, (max-width: 900px) 100vw, 900px\" \/> <img loading=\"lazy\" decoding=\"async\" class=\"alignnone size-medium wp-image-10692\" src=\"https:\/\/alvarelloseditora.gal\/wp-content\/uploads\/2026\/04\/Con-polvora-e-magnolias-facsimilar-alvarellos-ed-2026-1-900x675.jpeg\" alt=\"\" width=\"900\" height=\"675\" srcset=\"https:\/\/alvarelloseditora.gal\/wp-content\/uploads\/2026\/04\/Con-polvora-e-magnolias-facsimilar-alvarellos-ed-2026-1-900x675.jpeg 900w, https:\/\/alvarelloseditora.gal\/wp-content\/uploads\/2026\/04\/Con-polvora-e-magnolias-facsimilar-alvarellos-ed-2026-1-160x120.jpeg 160w, https:\/\/alvarelloseditora.gal\/wp-content\/uploads\/2026\/04\/Con-polvora-e-magnolias-facsimilar-alvarellos-ed-2026-1-768x576.jpeg 768w, https:\/\/alvarelloseditora.gal\/wp-content\/uploads\/2026\/04\/Con-polvora-e-magnolias-facsimilar-alvarellos-ed-2026-1-1536x1152.jpeg 1536w, https:\/\/alvarelloseditora.gal\/wp-content\/uploads\/2026\/04\/Con-polvora-e-magnolias-facsimilar-alvarellos-ed-2026-1-330x248.jpeg 330w, https:\/\/alvarelloseditora.gal\/wp-content\/uploads\/2026\/04\/Con-polvora-e-magnolias-facsimilar-alvarellos-ed-2026-1-600x450.jpeg 600w, https:\/\/alvarelloseditora.gal\/wp-content\/uploads\/2026\/04\/Con-polvora-e-magnolias-facsimilar-alvarellos-ed-2026-1.jpeg 2000w\" sizes=\"auto, (max-width: 900px) 100vw, 900px\" \/> <img loading=\"lazy\" decoding=\"async\" class=\"alignnone size-medium wp-image-10695\" src=\"https:\/\/alvarelloseditora.gal\/wp-content\/uploads\/2026\/04\/Con-polvora-e-magnolias-facsimilar-alvarellos-ed-2026-7-900x675.jpeg\" alt=\"\" width=\"900\" height=\"675\" srcset=\"https:\/\/alvarelloseditora.gal\/wp-content\/uploads\/2026\/04\/Con-polvora-e-magnolias-facsimilar-alvarellos-ed-2026-7-900x675.jpeg 900w, https:\/\/alvarelloseditora.gal\/wp-content\/uploads\/2026\/04\/Con-polvora-e-magnolias-facsimilar-alvarellos-ed-2026-7-160x120.jpeg 160w, https:\/\/alvarelloseditora.gal\/wp-content\/uploads\/2026\/04\/Con-polvora-e-magnolias-facsimilar-alvarellos-ed-2026-7-768x576.jpeg 768w, https:\/\/alvarelloseditora.gal\/wp-content\/uploads\/2026\/04\/Con-polvora-e-magnolias-facsimilar-alvarellos-ed-2026-7-1536x1152.jpeg 1536w, https:\/\/alvarelloseditora.gal\/wp-content\/uploads\/2026\/04\/Con-polvora-e-magnolias-facsimilar-alvarellos-ed-2026-7-330x248.jpeg 330w, https:\/\/alvarelloseditora.gal\/wp-content\/uploads\/2026\/04\/Con-polvora-e-magnolias-facsimilar-alvarellos-ed-2026-7-600x450.jpeg 600w, https:\/\/alvarelloseditora.gal\/wp-content\/uploads\/2026\/04\/Con-polvora-e-magnolias-facsimilar-alvarellos-ed-2026-7.jpeg 2000w\" sizes=\"auto, (max-width: 900px) 100vw, 900px\" \/> <img loading=\"lazy\" decoding=\"async\" class=\"alignnone size-medium wp-image-10698\" src=\"https:\/\/alvarelloseditora.gal\/wp-content\/uploads\/2026\/04\/Con-polvora-e-magnolias-facsimilar-alvarellos-ed-2026-8-900x675.jpeg\" alt=\"\" width=\"900\" height=\"675\" srcset=\"https:\/\/alvarelloseditora.gal\/wp-content\/uploads\/2026\/04\/Con-polvora-e-magnolias-facsimilar-alvarellos-ed-2026-8-900x675.jpeg 900w, https:\/\/alvarelloseditora.gal\/wp-content\/uploads\/2026\/04\/Con-polvora-e-magnolias-facsimilar-alvarellos-ed-2026-8-160x120.jpeg 160w, https:\/\/alvarelloseditora.gal\/wp-content\/uploads\/2026\/04\/Con-polvora-e-magnolias-facsimilar-alvarellos-ed-2026-8-768x576.jpeg 768w, https:\/\/alvarelloseditora.gal\/wp-content\/uploads\/2026\/04\/Con-polvora-e-magnolias-facsimilar-alvarellos-ed-2026-8-1536x1152.jpeg 1536w, https:\/\/alvarelloseditora.gal\/wp-content\/uploads\/2026\/04\/Con-polvora-e-magnolias-facsimilar-alvarellos-ed-2026-8-330x248.jpeg 330w, https:\/\/alvarelloseditora.gal\/wp-content\/uploads\/2026\/04\/Con-polvora-e-magnolias-facsimilar-alvarellos-ed-2026-8-600x450.jpeg 600w, https:\/\/alvarelloseditora.gal\/wp-content\/uploads\/2026\/04\/Con-polvora-e-magnolias-facsimilar-alvarellos-ed-2026-8.jpeg 2000w\" sizes=\"auto, (max-width: 900px) 100vw, 900px\" \/>NP_GAL_Con-p\u00f3lvora_e_magnolias_abril_2026<\/a><\/p>\n","protected":false},"excerpt":{"rendered":"<p>X. L. M\u00e9ndez Ferr\u00edn<br \/>\nFICHA T\u00c9CNICA: 116 pp<br \/>\n18 x 20\u20192 cms<br \/>\nISBN 978-84-18567-95-7<br \/>\nPAPEL FSC. Amigo dos Bosques<\/p>\n[video width=\"848\" height=\"478\" mp4=\"https:\/\/alvarelloseditora.gal\/wp-content\/uploads\/2026\/04\/Video-promo-horiz-con-polvora-e-magnolias-facsimilar-alvarellos-ed-2026.mp4\"][\/video]\n<p>&nbsp;<\/p>\n<p>Rigorosa edici\u00f3n facsimilar do libro que, en 1976, marcar\u00eda un novo tempo para a poes\u00eda galega.\u00a0Con p\u00f3lvora e magnolias \u00a0de X. L. M\u00e9ndez Ferr\u00edn. \u00c9 unha obra hist\u00f3rica, pola calidade e novidade da s\u00faa poes\u00eda, m\u00e1is tam\u00e9n polo seu singular formato e dese\u00f1o. A presente edici\u00f3n foi impresa en papel kraft como o orixinal e cun entapado manual, coas lapelas pegadas, tal e como fora presentada hai medio s\u00e9culo. Incl\u00fae un Ep\u00edlogo do especialista Anxo Angueira e a reproduci\u00f3n de manuscritos orixinais.<\/p>\n<p>R\u00c9PLICA EXACTA DUN LIBRO INESQUECIBLE<\/p>\n<p>Impresa utilizando o mesmo tipo de papel kraft de cor marr\u00f3n no interior e verxurado na cuberta, esta edici\u00f3n facsimilar \u00e9 pois unha perfecta r\u00e9plica da orixinal de 1976: no formato (18 x 20,2 cms), nas cores amarela escura da capa e na violeta para todos os textos, na tipograf\u00eda, e mesmo foi reproducido o sistema de lapelas pegadas, mediante un entapado, feito un a un, de cada exemplar.<\/p>\n<p>\u00abO libro padeceu un boicot, pero venceu polo dese\u00f1o\u00bb, afirma hoxe M\u00e9ndez Ferr\u00edn.<\/p>\n<p>\u00abEsta obra t\u00ed\u00f1ao todo para se converter nun referente po\u00e9tico daqueles anos, pero tam\u00e9n para erixirse, como se erixiu, nun artefacto literario cuxa vixencia permanece cincuenta anos despois\u00bb. Anxo Angueira.<\/p>\n<p>&nbsp;<\/p>\n<p>NP_GAL_Con-p\u00f3lvora_e_magnolias_abril_2026<\/p>\n<p>&nbsp;<\/p>\n<p>&nbsp;<\/p>\n<p>&nbsp;<\/p>\n","protected":false},"featured_media":10687,"comment_status":"closed","ping_status":"closed","template":"","meta":[],"product_brand":[],"product_cat":[112],"product_tag":[],"class_list":{"0":"post-10688","1":"product","2":"type-product","3":"status-publish","4":"has-post-thumbnail","6":"product_author-xose-luis-mendez-ferrin-es","7":"product_cat-facsimiles-es","9":"first","10":"instock","11":"taxable","12":"shipping-taxable","13":"purchasable","14":"product-type-simple"},"yoast_head":"<!-- This site is optimized with the Yoast SEO plugin v27.5 - https:\/\/yoast.com\/product\/yoast-seo-wordpress\/ -->\n<title>Con p\u00f3lvora e magnolias [Ed. facsimilar 50 aniversario] - Alvarellos Editora<\/title>\n<meta name=\"description\" content=\"Con p\u00f3lvora e magnolias [Ed. facsimilar 50 aniversario]. C\u00f3mprao na tenda en li\u00f1a de Alvarellos Editora.\" \/>\n<meta name=\"robots\" content=\"index, follow, max-snippet:-1, max-image-preview:large, max-video-preview:-1\" \/>\n<link rel=\"canonical\" href=\"https:\/\/alvarelloseditora.gal\/es\/libro\/con-polvora-e-magnolias-ed-facsimilar-50-aniversario\/\" \/>\n<meta property=\"og:locale\" content=\"es_ES\" \/>\n<meta property=\"og:type\" content=\"article\" \/>\n<meta property=\"og:title\" content=\"Con p\u00f3lvora e magnolias [Ed. facsimilar 50 aniversario] - Alvarellos Editora\" \/>\n<meta property=\"og:description\" content=\"Con p\u00f3lvora e magnolias [Ed. facsimilar 50 aniversario]. C\u00f3mprao na tenda en li\u00f1a de Alvarellos Editora.\" \/>\n<meta property=\"og:url\" content=\"https:\/\/alvarelloseditora.gal\/es\/libro\/con-polvora-e-magnolias-ed-facsimilar-50-aniversario\/\" \/>\n<meta property=\"og:site_name\" content=\"Alvarellos Editora\" \/>\n<meta property=\"article:publisher\" content=\"https:\/\/www.facebook.com\/alvarelloseditora\" \/>\n<meta property=\"article:modified_time\" content=\"2026-04-29T12:47:17+00:00\" \/>\n<meta property=\"og:image\" content=\"https:\/\/alvarelloseditora.gal\/wp-content\/uploads\/2026\/04\/Con-polvora-e-magnolias.jpg\" \/>\n\t<meta property=\"og:image:width\" content=\"2161\" \/>\n\t<meta property=\"og:image:height\" content=\"2483\" \/>\n\t<meta property=\"og:image:type\" content=\"image\/jpeg\" \/>\n<meta name=\"twitter:card\" content=\"summary_large_image\" \/>\n<meta name=\"twitter:site\" content=\"@alvarellos_ed\" \/>\n<meta name=\"twitter:label1\" content=\"Tiempo de lectura\" \/>\n\t<meta name=\"twitter:data1\" content=\"1 minuto\" \/>\n<!-- \/ Yoast SEO plugin. -->","yoast_head_json":{"title":"Con p\u00f3lvora e magnolias [Ed. facsimilar 50 aniversario] - Alvarellos Editora","description":"Con p\u00f3lvora e magnolias [Ed. facsimilar 50 aniversario]. C\u00f3mprao na tenda en li\u00f1a de Alvarellos Editora.","robots":{"index":"index","follow":"follow","max-snippet":"max-snippet:-1","max-image-preview":"max-image-preview:large","max-video-preview":"max-video-preview:-1"},"canonical":"https:\/\/alvarelloseditora.gal\/es\/libro\/con-polvora-e-magnolias-ed-facsimilar-50-aniversario\/","og_locale":"es_ES","og_type":"article","og_title":"Con p\u00f3lvora e magnolias [Ed. facsimilar 50 aniversario] - Alvarellos Editora","og_description":"Con p\u00f3lvora e magnolias [Ed. facsimilar 50 aniversario]. C\u00f3mprao na tenda en li\u00f1a de Alvarellos Editora.","og_url":"https:\/\/alvarelloseditora.gal\/es\/libro\/con-polvora-e-magnolias-ed-facsimilar-50-aniversario\/","og_site_name":"Alvarellos Editora","article_publisher":"https:\/\/www.facebook.com\/alvarelloseditora","article_modified_time":"2026-04-29T12:47:17+00:00","og_image":[{"width":2161,"height":2483,"url":"https:\/\/alvarelloseditora.gal\/wp-content\/uploads\/2026\/04\/Con-polvora-e-magnolias.jpg","type":"image\/jpeg"}],"twitter_card":"summary_large_image","twitter_site":"@alvarellos_ed","twitter_misc":{"Tiempo de lectura":"1 minuto"},"schema":{"@context":"https:\/\/schema.org","@graph":[{"@type":["WebPage","ItemPage"],"@id":"https:\/\/alvarelloseditora.gal\/es\/libro\/con-polvora-e-magnolias-ed-facsimilar-50-aniversario\/","url":"https:\/\/alvarelloseditora.gal\/es\/libro\/con-polvora-e-magnolias-ed-facsimilar-50-aniversario\/","name":"Con p\u00f3lvora e magnolias [Ed. facsimilar 50 aniversario] - Alvarellos Editora","isPartOf":{"@id":"https:\/\/alvarelloseditora.gal\/#website"},"primaryImageOfPage":{"@id":"https:\/\/alvarelloseditora.gal\/es\/libro\/con-polvora-e-magnolias-ed-facsimilar-50-aniversario\/#primaryimage"},"image":{"@id":"https:\/\/alvarelloseditora.gal\/es\/libro\/con-polvora-e-magnolias-ed-facsimilar-50-aniversario\/#primaryimage"},"thumbnailUrl":"https:\/\/alvarelloseditora.gal\/wp-content\/uploads\/2026\/04\/Con-polvora-e-magnolias.jpg","datePublished":"2026-04-29T12:42:14+00:00","dateModified":"2026-04-29T12:47:17+00:00","description":"Con p\u00f3lvora e magnolias [Ed. facsimilar 50 aniversario]. C\u00f3mprao na tenda en li\u00f1a de Alvarellos Editora.","breadcrumb":{"@id":"https:\/\/alvarelloseditora.gal\/es\/libro\/con-polvora-e-magnolias-ed-facsimilar-50-aniversario\/#breadcrumb"},"inLanguage":"es","potentialAction":[{"@type":"ReadAction","target":["https:\/\/alvarelloseditora.gal\/es\/libro\/con-polvora-e-magnolias-ed-facsimilar-50-aniversario\/"]}]},{"@type":"ImageObject","inLanguage":"es","@id":"https:\/\/alvarelloseditora.gal\/es\/libro\/con-polvora-e-magnolias-ed-facsimilar-50-aniversario\/#primaryimage","url":"https:\/\/alvarelloseditora.gal\/wp-content\/uploads\/2026\/04\/Con-polvora-e-magnolias.jpg","contentUrl":"https:\/\/alvarelloseditora.gal\/wp-content\/uploads\/2026\/04\/Con-polvora-e-magnolias.jpg","width":2161,"height":2483},{"@type":"BreadcrumbList","@id":"https:\/\/alvarelloseditora.gal\/es\/libro\/con-polvora-e-magnolias-ed-facsimilar-50-aniversario\/#breadcrumb","itemListElement":[{"@type":"ListItem","position":1,"name":"Portada","item":"https:\/\/alvarelloseditora.gal\/"},{"@type":"ListItem","position":2,"name":"Tienda","item":"https:\/\/alvarelloseditora.gal\/es\/tienda\/"},{"@type":"ListItem","position":3,"name":"Con p\u00f3lvora e magnolias [Ed. facsimilar 50 aniversario]"}]},{"@type":"WebSite","@id":"https:\/\/alvarelloseditora.gal\/#website","url":"https:\/\/alvarelloseditora.gal\/","name":"Alvarellos Editora","description":"Libros para un mundo en tr\u00e1nsito","publisher":{"@id":"https:\/\/alvarelloseditora.gal\/#organization"},"potentialAction":[{"@type":"SearchAction","target":{"@type":"EntryPoint","urlTemplate":"https:\/\/alvarelloseditora.gal\/?s={search_term_string}"},"query-input":{"@type":"PropertyValueSpecification","valueRequired":true,"valueName":"search_term_string"}}],"inLanguage":"es"},{"@type":"Organization","@id":"https:\/\/alvarelloseditora.gal\/#organization","name":"Alvarellos Editora","url":"https:\/\/alvarelloseditora.gal\/","logo":{"@type":"ImageObject","inLanguage":"es","@id":"https:\/\/alvarelloseditora.gal\/#\/schema\/logo\/image\/","url":"https:\/\/alvarelloseditora.gal\/wp-content\/uploads\/2020\/02\/alv-icon.png","contentUrl":"https:\/\/alvarelloseditora.gal\/wp-content\/uploads\/2020\/02\/alv-icon.png","width":177,"height":175,"caption":"Alvarellos Editora"},"image":{"@id":"https:\/\/alvarelloseditora.gal\/#\/schema\/logo\/image\/"},"sameAs":["https:\/\/www.facebook.com\/alvarelloseditora","https:\/\/x.com\/alvarellos_ed"]}]}},"_links":{"self":[{"href":"https:\/\/alvarelloseditora.gal\/es\/wp-json\/wp\/v2\/product\/10688","targetHints":{"allow":["GET"]}}],"collection":[{"href":"https:\/\/alvarelloseditora.gal\/es\/wp-json\/wp\/v2\/product"}],"about":[{"href":"https:\/\/alvarelloseditora.gal\/es\/wp-json\/wp\/v2\/types\/product"}],"replies":[{"embeddable":true,"href":"https:\/\/alvarelloseditora.gal\/es\/wp-json\/wp\/v2\/comments?post=10688"}],"wp:featuredmedia":[{"embeddable":true,"href":"https:\/\/alvarelloseditora.gal\/es\/wp-json\/wp\/v2\/media\/10687"}],"wp:attachment":[{"href":"https:\/\/alvarelloseditora.gal\/es\/wp-json\/wp\/v2\/media?parent=10688"}],"wp:term":[{"taxonomy":"product_brand","embeddable":true,"href":"https:\/\/alvarelloseditora.gal\/es\/wp-json\/wp\/v2\/product_brand?post=10688"},{"taxonomy":"product_cat","embeddable":true,"href":"https:\/\/alvarelloseditora.gal\/es\/wp-json\/wp\/v2\/product_cat?post=10688"},{"taxonomy":"product_tag","embeddable":true,"href":"https:\/\/alvarelloseditora.gal\/es\/wp-json\/wp\/v2\/product_tag?post=10688"}],"curies":[{"name":"wp","href":"https:\/\/api.w.org\/{rel}","templated":true}]}}